{"id":684,"date":"2023-08-02T11:40:17","date_gmt":"2023-08-02T09:40:17","guid":{"rendered":"https:\/\/gerardesteva.cat\/proyectos\/"},"modified":"2023-08-11T12:10:01","modified_gmt":"2023-08-11T10:10:01","slug":"proyectos","status":"publish","type":"page","link":"https:\/\/gerardesteva.cat\/es\/proyectos\/","title":{"rendered":"Proyectos"},"content":{"rendered":"\t\t<div data-elementor-type=\"wp-page\" data-elementor-id=\"684\" class=\"elementor elementor-684 elementor-77\" data-elementor-post-type=\"page\">\n\t\t\t\t\t\t<section class=\"elementor-section elementor-top-section elementor-element elementor-element-b4904e9 elementor-section-full_width elementor-section-height-default elementor-section-height-default\" data-id=\"b4904e9\" data-element_type=\"section\" data-e-type=\"section\">\n\t\t\t\t\t\t<div class=\"elementor-container elementor-column-gap-no\">\n\t\t\t\t\t<div class=\"elementor-column elementor-col-50 elementor-top-column elementor-element elementor-element-6d00488\" data-id=\"6d00488\" data-element_type=\"column\" data-e-type=\"column\">\n\t\t\t<div class=\"elementor-widget-wrap elementor-element-populated\">\n\t\t\t\t\t\t<div class=\"elementor-element elementor-element-d5218c9 elementor-widget elementor-widget-spacer\" data-id=\"d5218c9\" data-element_type=\"widget\" data-e-type=\"widget\" data-widget_type=\"spacer.default\">\n\t\t\t\t<div class=\"elementor-widget-container\">\n\t\t\t\t\t\t\t<div class=\"elementor-spacer\">\n\t\t\t<div class=\"elementor-spacer-inner\"><\/div>\n\t\t<\/div>\n\t\t\t\t\t\t<\/div>\n\t\t\t\t<\/div>\n\t\t\t\t<div class=\"elementor-element elementor-element-2a74b0e elementor-icon-list--layout-traditional elementor-list-item-link-full_width elementor-invisible elementor-widget elementor-widget-icon-list\" data-id=\"2a74b0e\" data-element_type=\"widget\" data-e-type=\"widget\" data-settings=\"{&quot;_animation&quot;:&quot;fadeIn&quot;,&quot;_animation_delay&quot;:1200}\" data-widget_type=\"icon-list.default\">\n\t\t\t\t<div class=\"elementor-widget-container\">\n\t\t\t\t\t\t\t<ul class=\"elementor-icon-list-items\">\n\t\t\t\t\t\t\t<li class=\"elementor-icon-list-item\">\n\t\t\t\t\t\t\t\t\t\t<span class=\"elementor-icon-list-text\">PROYECTOS<\/span>\n\t\t\t\t\t\t\t\t\t<\/li>\n\t\t\t\t\t\t<\/ul>\n\t\t\t\t\t\t<\/div>\n\t\t\t\t<\/div>\n\t\t\t\t<div class=\"elementor-element elementor-element-149776d elementor-hidden-tablet elementor-hidden-mobile elementor-widget elementor-widget-spacer\" data-id=\"149776d\" data-element_type=\"widget\" data-e-type=\"widget\" data-widget_type=\"spacer.default\">\n\t\t\t\t<div class=\"elementor-widget-container\">\n\t\t\t\t\t\t\t<div class=\"elementor-spacer\">\n\t\t\t<div class=\"elementor-spacer-inner\"><\/div>\n\t\t<\/div>\n\t\t\t\t\t\t<\/div>\n\t\t\t\t<\/div>\n\t\t\t\t<div class=\"elementor-element elementor-element-971d0f2 elementor-icon-list--layout-traditional elementor-list-item-link-full_width elementor-widget elementor-widget-icon-list\" data-id=\"971d0f2\" data-element_type=\"widget\" data-e-type=\"widget\" data-widget_type=\"icon-list.default\">\n\t\t\t\t<div class=\"elementor-widget-container\">\n\t\t\t\t\t\t\t<ul class=\"elementor-icon-list-items\">\n\t\t\t\t\t\t\t<li class=\"elementor-icon-list-item\">\n\t\t\t\t\t\t\t\t\t\t<span class=\"elementor-icon-list-text\">HACER PARA LLEVAR EL DEPORTE AL FUTURO<\/span>\n\t\t\t\t\t\t\t\t\t<\/li>\n\t\t\t\t\t\t<\/ul>\n\t\t\t\t\t\t<\/div>\n\t\t\t\t<\/div>\n\t\t\t\t\t<\/div>\n\t\t<\/div>\n\t\t\t\t<div class=\"elementor-column elementor-col-50 elementor-top-column elementor-element elementor-element-b040d05\" data-id=\"b040d05\" data-element_type=\"column\" data-e-type=\"column\">\n\t\t\t<div class=\"elementor-widget-wrap elementor-element-populated\">\n\t\t\t\t\t\t<div class=\"elementor-element elementor-element-f4e4184 elementor-widget elementor-widget-spacer\" data-id=\"f4e4184\" data-element_type=\"widget\" data-e-type=\"widget\" data-widget_type=\"spacer.default\">\n\t\t\t\t<div class=\"elementor-widget-container\">\n\t\t\t\t\t\t\t<div class=\"elementor-spacer\">\n\t\t\t<div class=\"elementor-spacer-inner\"><\/div>\n\t\t<\/div>\n\t\t\t\t\t\t<\/div>\n\t\t\t\t<\/div>\n\t\t\t\t<div class=\"elementor-element elementor-element-505629e elementor-invisible elementor-widget elementor-widget-text-editor\" data-id=\"505629e\" data-element_type=\"widget\" data-e-type=\"widget\" data-settings=\"{&quot;_animation&quot;:&quot;fadeIn&quot;,&quot;_animation_delay&quot;:400}\" data-widget_type=\"text-editor.default\">\n\t\t\t\t<div class=\"elementor-widget-container\">\n\t\t\t\t\t\t\t\t\t<p>Desde el a\u00f1o 2014, como presidente de la UFEC, llevo liderando m\u00e1s de 30 proyectos por la defensa y la mejora del deporte catal\u00e1n y de todo el sector deportivo. He impulsado programas por la inclusi\u00f3n laboral de j\u00f3venes en riesgo de exclusi\u00f3n social mediante la actividad deportiva o por la certificaci\u00f3n por la gesti\u00f3n \u00e9tica y responsable de las entidades deportivas. En 2022 hemos liderado el primer Congreso Internacional del Deporte Femenino, hemos recuperado la Feria del Deporte Catal\u00e1n y tambi\u00e9n hemos consolidado la presencia del deporte federado en el mundo con Esport+, la nueva OTT del deporte catal\u00e1n.<\/p>\n\t\t\t\t\t\t\t\t<\/div>\n\t\t\t\t<\/div>\n\t\t\t\t\t<\/div>\n\t\t<\/div>\n\t\t\t\t\t<\/div>\n\t\t<\/section>\n\t\t\t\t<section class=\"elementor-section elementor-top-section elementor-element elementor-element-b1b84da elementor-section-boxed elementor-section-height-default elementor-section-height-default\" data-id=\"b1b84da\" data-element_type=\"section\" data-e-type=\"section\">\n\t\t\t\t\t\t<div class=\"elementor-container elementor-column-gap-default\">\n\t\t\t\t\t<div class=\"elementor-column elementor-col-100 elementor-top-column elementor-element elementor-element-946a34a\" data-id=\"946a34a\" data-element_type=\"column\" data-e-type=\"column\">\n\t\t\t<div class=\"elementor-widget-wrap elementor-element-populated\">\n\t\t\t\t\t\t<div class=\"elementor-element elementor-element-2200dac elementor-widget elementor-widget-spacer\" data-id=\"2200dac\" data-element_type=\"widget\" data-e-type=\"widget\" data-widget_type=\"spacer.default\">\n\t\t\t\t<div class=\"elementor-widget-container\">\n\t\t\t\t\t\t\t<div class=\"elementor-spacer\">\n\t\t\t<div class=\"elementor-spacer-inner\"><\/div>\n\t\t<\/div>\n\t\t\t\t\t\t<\/div>\n\t\t\t\t<\/div>\n\t\t\t\t\t<\/div>\n\t\t<\/div>\n\t\t\t\t\t<\/div>\n\t\t<\/section>\n\t\t\t\t<section class=\"elementor-section elementor-top-section elementor-element elementor-element-e59c234 elementor-section-boxed elementor-section-height-default elementor-section-height-default\" data-id=\"e59c234\" data-element_type=\"section\" data-e-type=\"section\" data-settings=\"{&quot;background_background&quot;:&quot;classic&quot;}\">\n\t\t\t\t\t\t<div class=\"elementor-container elementor-column-gap-default\">\n\t\t\t\t\t<div class=\"elementor-column elementor-col-33 elementor-top-column elementor-element elementor-element-247de87\" data-id=\"247de87\" data-element_type=\"column\" data-e-type=\"column\">\n\t\t\t<div class=\"elementor-widget-wrap\">\n\t\t\t\t\t\t\t<\/div>\n\t\t<\/div>\n\t\t\t\t<div class=\"elementor-column elementor-col-33 elementor-top-column elementor-element elementor-element-2a3cfbd\" data-id=\"2a3cfbd\" data-element_type=\"column\" data-e-type=\"column\">\n\t\t\t<div class=\"elementor-widget-wrap elementor-element-populated\">\n\t\t\t\t\t\t<div class=\"elementor-element elementor-element-d9ff5fa elementor-align-justify my-btn elementor-invisible elementor-widget elementor-widget-button\" data-id=\"d9ff5fa\" data-element_type=\"widget\" data-e-type=\"widget\" data-settings=\"{&quot;_animation&quot;:&quot;fadeInUp&quot;,&quot;_animation_delay&quot;:500}\" data-widget_type=\"button.default\">\n\t\t\t\t<div class=\"elementor-widget-container\">\n\t\t\t\t\t\t\t\t\t<div class=\"elementor-button-wrapper\">\n\t\t\t\t\t<a class=\"elementor-button elementor-button-link elementor-size-sm\" href=\"https:\/\/gerardesteva.cat\/premsa\">\n\t\t\t\t\t\t<span class=\"elementor-button-content-wrapper\">\n\t\t\t\t\t\t\t\t\t<span class=\"elementor-button-text\">IR A PRENSA<\/span>\n\t\t\t\t\t<\/span>\n\t\t\t\t\t<\/a>\n\t\t\t\t<\/div>\n\t\t\t\t\t\t\t\t<\/div>\n\t\t\t\t<\/div>\n\t\t\t\t\t<\/div>\n\t\t<\/div>\n\t\t\t\t<div class=\"elementor-column elementor-col-33 elementor-top-column elementor-element elementor-element-a856c6b\" data-id=\"a856c6b\" data-element_type=\"column\" data-e-type=\"column\">\n\t\t\t<div class=\"elementor-widget-wrap\">\n\t\t\t\t\t\t\t<\/div>\n\t\t<\/div>\n\t\t\t\t\t<\/div>\n\t\t<\/section>\n\t\t\t\t<\/div>\n\t\t","protected":false},"excerpt":{"rendered":"<p>PROYECTOS HACER PARA LLEVAR EL DEPORTE AL FUTURO Desde el a\u00f1o 2014, como presidente de la UFEC, llevo liderando m\u00e1s de 30 proyectos por la defensa y la mejora del deporte catal\u00e1n y de todo el sector deportivo. He impulsado programas por la inclusi\u00f3n laboral de j\u00f3venes en riesgo de exclusi\u00f3n social mediante la actividad [&hellip;]<\/p>\n","protected":false},"author":1,"featured_media":0,"parent":0,"menu_order":0,"comment_status":"closed","ping_status":"closed","template":"elementor_header_footer","meta":{"footnotes":""},"class_list":["post-684","page","type-page","status-publish","hentry"],"yoast_head":"<!-- This site is optimized with the Yoast SEO plugin v27.5 - https:\/\/yoast.com\/product\/yoast-seo-wordpress\/ -->\n<title>GERARD ESTEVA. Proyectos para llevar el deporte catal\u00e1n al futuro.<\/title>\n<meta name=\"description\" content=\"Desde 2014 liderando m\u00e1s de 30 proyectos para la defensa y la mejora del deporte catal\u00e1n y de todo el sector deportivo, con mayor inclusi\u00f3n.\" \/>\n<meta name=\"robots\" content=\"index, follow, max-snippet:-1, max-image-preview:large, max-video-preview:-1\" \/>\n<link rel=\"canonical\" href=\"https:\/\/gerardesteva.cat\/es\/proyectos\/\" \/>\n<meta property=\"og:locale\" content=\"es_ES\" \/>\n<meta property=\"og:type\" content=\"article\" \/>\n<meta property=\"og:title\" content=\"GERARD ESTEVA. Proyectos para llevar el deporte catal\u00e1n al futuro.\" \/>\n<meta property=\"og:description\" content=\"Desde 2014 liderando m\u00e1s de 30 proyectos para la defensa y la mejora del deporte catal\u00e1n y de todo el sector deportivo, con mayor inclusi\u00f3n.\" \/>\n<meta property=\"og:url\" content=\"https:\/\/gerardesteva.cat\/es\/proyectos\/\" \/>\n<meta property=\"og:site_name\" content=\"Gerard Esteva\" \/>\n<meta property=\"article:modified_time\" content=\"2023-08-11T10:10:01+00:00\" \/>\n<meta name=\"twitter:card\" content=\"summary_large_image\" \/>\n<meta name=\"twitter:label1\" content=\"Tiempo de lectura\" \/>\n\t<meta name=\"twitter:data1\" content=\"1 minuto\" \/>\n<script type=\"application\/ld+json\" class=\"yoast-schema-graph\">{\"@context\":\"https:\\\/\\\/schema.org\",\"@graph\":[{\"@type\":\"WebPage\",\"@id\":\"https:\\\/\\\/gerardesteva.cat\\\/es\\\/proyectos\\\/\",\"url\":\"https:\\\/\\\/gerardesteva.cat\\\/es\\\/proyectos\\\/\",\"name\":\"GERARD ESTEVA. Proyectos para llevar el deporte catal\u00e1n al futuro.\",\"isPartOf\":{\"@id\":\"https:\\\/\\\/gerardesteva.cat\\\/es\\\/#website\"},\"datePublished\":\"2023-08-02T09:40:17+00:00\",\"dateModified\":\"2023-08-11T10:10:01+00:00\",\"description\":\"Desde 2014 liderando m\u00e1s de 30 proyectos para la defensa y la mejora del deporte catal\u00e1n y de todo el sector deportivo, con mayor inclusi\u00f3n.\",\"breadcrumb\":{\"@id\":\"https:\\\/\\\/gerardesteva.cat\\\/es\\\/proyectos\\\/#breadcrumb\"},\"inLanguage\":\"es\",\"potentialAction\":[{\"@type\":\"ReadAction\",\"target\":[\"https:\\\/\\\/gerardesteva.cat\\\/es\\\/proyectos\\\/\"]}]},{\"@type\":\"BreadcrumbList\",\"@id\":\"https:\\\/\\\/gerardesteva.cat\\\/es\\\/proyectos\\\/#breadcrumb\",\"itemListElement\":[{\"@type\":\"ListItem\",\"position\":1,\"name\":\"Inici\",\"item\":\"https:\\\/\\\/gerardesteva.cat\\\/es\\\/inicio\\\/\"},{\"@type\":\"ListItem\",\"position\":2,\"name\":\"Proyectos\"}]},{\"@type\":\"WebSite\",\"@id\":\"https:\\\/\\\/gerardesteva.cat\\\/es\\\/#website\",\"url\":\"https:\\\/\\\/gerardesteva.cat\\\/es\\\/\",\"name\":\"Gerard Esteva\",\"description\":\"M\u00e9s enll\u00e0 de l&#039;esport\",\"potentialAction\":[{\"@type\":\"SearchAction\",\"target\":{\"@type\":\"EntryPoint\",\"urlTemplate\":\"https:\\\/\\\/gerardesteva.cat\\\/es\\\/?s={search_term_string}\"},\"query-input\":{\"@type\":\"PropertyValueSpecification\",\"valueRequired\":true,\"valueName\":\"search_term_string\"}}],\"inLanguage\":\"es\"}]}<\/script>\n<!-- \/ Yoast SEO plugin. -->","yoast_head_json":{"title":"GERARD ESTEVA. Proyectos para llevar el deporte catal\u00e1n al futuro.","description":"Desde 2014 liderando m\u00e1s de 30 proyectos para la defensa y la mejora del deporte catal\u00e1n y de todo el sector deportivo, con mayor inclusi\u00f3n.","robots":{"index":"index","follow":"follow","max-snippet":"max-snippet:-1","max-image-preview":"max-image-preview:large","max-video-preview":"max-video-preview:-1"},"canonical":"https:\/\/gerardesteva.cat\/es\/proyectos\/","og_locale":"es_ES","og_type":"article","og_title":"GERARD ESTEVA. Proyectos para llevar el deporte catal\u00e1n al futuro.","og_description":"Desde 2014 liderando m\u00e1s de 30 proyectos para la defensa y la mejora del deporte catal\u00e1n y de todo el sector deportivo, con mayor inclusi\u00f3n.","og_url":"https:\/\/gerardesteva.cat\/es\/proyectos\/","og_site_name":"Gerard Esteva","article_modified_time":"2023-08-11T10:10:01+00:00","twitter_card":"summary_large_image","twitter_misc":{"Tiempo de lectura":"1 minuto"},"schema":{"@context":"https:\/\/schema.org","@graph":[{"@type":"WebPage","@id":"https:\/\/gerardesteva.cat\/es\/proyectos\/","url":"https:\/\/gerardesteva.cat\/es\/proyectos\/","name":"GERARD ESTEVA. Proyectos para llevar el deporte catal\u00e1n al futuro.","isPartOf":{"@id":"https:\/\/gerardesteva.cat\/es\/#website"},"datePublished":"2023-08-02T09:40:17+00:00","dateModified":"2023-08-11T10:10:01+00:00","description":"Desde 2014 liderando m\u00e1s de 30 proyectos para la defensa y la mejora del deporte catal\u00e1n y de todo el sector deportivo, con mayor inclusi\u00f3n.","breadcrumb":{"@id":"https:\/\/gerardesteva.cat\/es\/proyectos\/#breadcrumb"},"inLanguage":"es","potentialAction":[{"@type":"ReadAction","target":["https:\/\/gerardesteva.cat\/es\/proyectos\/"]}]},{"@type":"BreadcrumbList","@id":"https:\/\/gerardesteva.cat\/es\/proyectos\/#breadcrumb","itemListElement":[{"@type":"ListItem","position":1,"name":"Inici","item":"https:\/\/gerardesteva.cat\/es\/inicio\/"},{"@type":"ListItem","position":2,"name":"Proyectos"}]},{"@type":"WebSite","@id":"https:\/\/gerardesteva.cat\/es\/#website","url":"https:\/\/gerardesteva.cat\/es\/","name":"Gerard Esteva","description":"M\u00e9s enll\u00e0 de l&#039;esport","potentialAction":[{"@type":"SearchAction","target":{"@type":"EntryPoint","urlTemplate":"https:\/\/gerardesteva.cat\/es\/?s={search_term_string}"},"query-input":{"@type":"PropertyValueSpecification","valueRequired":true,"valueName":"search_term_string"}}],"inLanguage":"es"}]}},"_links":{"self":[{"href":"https:\/\/gerardesteva.cat\/es\/wp-json\/wp\/v2\/pages\/684","targetHints":{"allow":["GET"]}}],"collection":[{"href":"https:\/\/gerardesteva.cat\/es\/wp-json\/wp\/v2\/pages"}],"about":[{"href":"https:\/\/gerardesteva.cat\/es\/wp-json\/wp\/v2\/types\/page"}],"author":[{"embeddable":true,"href":"https:\/\/gerardesteva.cat\/es\/wp-json\/wp\/v2\/users\/1"}],"replies":[{"embeddable":true,"href":"https:\/\/gerardesteva.cat\/es\/wp-json\/wp\/v2\/comments?post=684"}],"version-history":[{"count":1,"href":"https:\/\/gerardesteva.cat\/es\/wp-json\/wp\/v2\/pages\/684\/revisions"}],"predecessor-version":[{"id":685,"href":"https:\/\/gerardesteva.cat\/es\/wp-json\/wp\/v2\/pages\/684\/revisions\/685"}],"wp:attachment":[{"href":"https:\/\/gerardesteva.cat\/es\/wp-json\/wp\/v2\/media?parent=684"}],"curies":[{"name":"wp","href":"https:\/\/api.w.org\/{rel}","templated":true}]}}